{"id":25,"date":"2021-02-13T21:27:10","date_gmt":"2021-02-13T21:27:10","guid":{"rendered":"http:\/\/intezet.josz.org\/?page_id=25"},"modified":"2021-06-04T10:22:33","modified_gmt":"2021-06-04T10:22:33","slug":"konyvtar","status":"publish","type":"page","link":"https:\/\/intezet.josz.org\/index.php\/konyvtar\/","title":{"rendered":"K\u00f6nyvt\u00e1r"},"content":{"rendered":"\n<p>A J\u00d6Sz Int\u00e9zet l\u00e9trehozatalakor az egyik f\u0151 c\u00e9lkit\u0171z\u00e9s\u00fcnk egy olyan k\u00f6nyvgy\u0171jtem\u00e9ny l\u00e9trehoz\u00e1sa volt, amely seg\u00edti a tudom\u00e1nyos \u00e9s szakami tev\u00e9kenys\u00e9g v\u00e9gz\u00e9s\u00e9t. Ennek eredm\u00e9nyek\u00e9ppen kezdte meg m\u0171k\u00f6d\u00e9s\u00e9t a J\u00d6Sz K\u00f6nyvt\u00e1r. <\/p>\n\n\n\n<p>A K\u00f6nyvt\u00e1r feladata, hogy szakmai t\u00e1mogat\u00e1st ny\u00fajtson a J\u00d6Sz azon tagjai sz\u00e1m\u00e1ra, akik ak\u00e1r az egyetem alatt, ak\u00e1r azt k\u00f6vet\u0151en tudom\u00e1nyos tev\u00e9kenys\u00e9get k\u00edv\u00e1nnak folytatni. Ennek megfelel\u0151en a k\u00f6nyvt\u00e1ri gy\u0171jtem\u00e9nyben  elismert hazai \u00e9s k\u00fclf\u00f6ldi jogtud\u00f3sok m\u0171vei, alapvet\u0151 t\u00e1rsadalomtudom\u00e1nyi k\u00f6nyvek, illetve az egyetemi tanulm\u00e1nyok szempontj\u00e1b\u00f3l fontos tank\u00f6nyvek tal\u00e1lhat\u00f3ak. A K\u00f6nyvt\u00e1r a J\u00d6Sz Koll\u00e9giumi \u00e9p\u00fclet\u00e9ben kapott helyet ezzel is biztos\u00edtva, hogy a J\u00d6Sz Szakkoll\u00e9gium tagjai min\u00e9l k\u00f6nnyebben hozz\u00e1f\u00e9rjenek a sz\u00fcks\u00e9ges szakirodalomhoz. <\/p>\n\n\n\n<p><a href=\"http:\/\/intezet.josz.org\/wp-content\/uploads\/2021\/05\/JOSz-Konyvtar-Katalogus-2021-majus.pdf\" data-type=\"URL\" data-id=\"http:\/\/intezet.josz.org\/wp-content\/uploads\/2021\/05\/JOSz-Konyvtar-Katalogus-2021-majus.pdf\">A J\u00d6Sz K\u00f6nyvt\u00e1r gy\u0171jtem\u00e9ny\u00e9t folyamatosan fejlessz\u00fck, k\u00f6nyveink jelenlegi katal\u00f3gus\u00e1t ide kattintva \u00e9rhetik el.<\/a><\/p>\n\n\n\n<figure class=\"wp-block-image size-full\"><img loading=\"lazy\" width=\"1772\" height=\"1189\" src=\"http:\/\/intezet.josz.org\/wp-content\/uploads\/2021\/05\/DSC_2364.jpg\" alt=\"\" class=\"wp-image-101\" srcset=\"https:\/\/intezet.josz.org\/wp-content\/uploads\/2021\/05\/DSC_2364.jpg 1772w, https:\/\/intezet.josz.org\/wp-content\/uploads\/2021\/05\/DSC_2364-300x201.jpg 300w, https:\/\/intezet.josz.org\/wp-content\/uploads\/2021\/05\/DSC_2364-1024x687.jpg 1024w, https:\/\/intezet.josz.org\/wp-content\/uploads\/2021\/05\/DSC_2364-768x515.jpg 768w, https:\/\/intezet.josz.org\/wp-content\/uploads\/2021\/05\/DSC_2364-1536x1031.jpg 1536w\" sizes=\"(max-width: 1772px) 100vw, 1772px\" \/><\/figure>\n\n\n\n<figure class=\"wp-block-gallery columns-2 is-cropped\"><ul class=\"blocks-gallery-grid\"><li class=\"blocks-gallery-item\"><figure><img loading=\"lazy\" width=\"1024\" height=\"684\" src=\"http:\/\/intezet.josz.org\/wp-content\/uploads\/2021\/05\/DSC_2389-1024x684.jpg\" alt=\"\" data-id=\"100\" data-full-url=\"http:\/\/intezet.josz.org\/wp-content\/uploads\/2021\/05\/DSC_2389.jpg\" data-link=\"http:\/\/intezet.josz.org\/index.php\/konyvtar\/dsc_2389\/\" class=\"wp-image-100\" srcset=\"https:\/\/intezet.josz.org\/wp-content\/uploads\/2021\/05\/DSC_2389-1024x684.jpg 1024w, https:\/\/intezet.josz.org\/wp-content\/uploads\/2021\/05\/DSC_2389-300x200.jpg 300w, https:\/\/intezet.josz.org\/wp-content\/uploads\/2021\/05\/DSC_2389-768x513.jpg 768w, https:\/\/intezet.josz.org\/wp-content\/uploads\/2021\/05\/DSC_2389-1536x1025.jpg 1536w, https:\/\/intezet.josz.org\/wp-content\/uploads\/2021\/05\/DSC_2389-600x400.jpg 600w, https:\/\/intezet.josz.org\/wp-content\/uploads\/2021\/05\/DSC_2389.jpg 1772w\" sizes=\"(max-width: 1024px) 100vw, 1024px\" \/><\/figure><\/li><li class=\"blocks-gallery-item\"><figure><img loading=\"lazy\" width=\"1024\" height=\"769\" src=\"http:\/\/intezet.josz.org\/wp-content\/uploads\/2021\/06\/DSC_2372-1024x769.jpg\" alt=\"\" data-id=\"152\" data-full-url=\"http:\/\/intezet.josz.org\/wp-content\/uploads\/2021\/06\/DSC_2372.jpg\" data-link=\"http:\/\/intezet.josz.org\/index.php\/konyvtar\/dsc_2372\/\" class=\"wp-image-152\" srcset=\"https:\/\/intezet.josz.org\/wp-content\/uploads\/2021\/06\/DSC_2372-1024x769.jpg 1024w, https:\/\/intezet.josz.org\/wp-content\/uploads\/2021\/06\/DSC_2372-300x225.jpg 300w, https:\/\/intezet.josz.org\/wp-content\/uploads\/2021\/06\/DSC_2372-768x576.jpg 768w, https:\/\/intezet.josz.org\/wp-content\/uploads\/2021\/06\/DSC_2372-1536x1153.jpg 1536w, https:\/\/intezet.josz.org\/wp-content\/uploads\/2021\/06\/DSC_2372.jpg 1772w\" sizes=\"(max-width: 1024px) 100vw, 1024px\" \/><\/figure><\/li><\/ul><\/figure>\n","protected":false},"excerpt":{"rendered":"<p>A J\u00d6Sz Int\u00e9zet l\u00e9trehozatalakor az egyik f\u0151 c\u00e9lkit\u0171z\u00e9s\u00fcnk egy olyan k\u00f6nyvgy\u0171jtem\u00e9ny l\u00e9trehoz\u00e1sa volt, amely seg\u00edti a tudom\u00e1nyos \u00e9s szakami tev\u00e9kenys\u00e9g v\u00e9gz\u00e9s\u00e9t. Ennek eredm\u00e9nyek\u00e9ppen kezdte meg m\u0171k\u00f6d\u00e9s\u00e9t a J\u00d6Sz K\u00f6nyvt\u00e1r. A K\u00f6nyvt\u00e1r feladata, hogy szakmai t\u00e1mogat\u00e1st ny\u00fajtson a J\u00d6Sz azon tagjai sz\u00e1m\u00e1ra, akik ak\u00e1r az egyetem alatt, ak\u00e1r azt k\u00f6vet\u0151en tudom\u00e1nyos tev\u00e9kenys\u00e9get k\u00edv\u00e1nnak folytatni. Ennek megfelel\u0151en a k\u00f6nyvt\u00e1ri gy\u0171jtem\u00e9nyben elismert hazai [&hellip;]<\/p>\n","protected":false},"author":1,"featured_media":0,"parent":0,"menu_order":0,"comment_status":"closed","ping_status":"closed","template":"page-templates\/full-width-container.php","meta":{"_monsterinsights_skip_tracking":false,"_monsterinsights_sitenote_active":false,"_monsterinsights_sitenote_note":"","_monsterinsights_sitenote_category":0},"_links":{"self":[{"href":"https:\/\/intezet.josz.org\/index.php\/wp-json\/wp\/v2\/pages\/25"}],"collection":[{"href":"https:\/\/intezet.josz.org\/index.php\/wp-json\/wp\/v2\/pages"}],"about":[{"href":"https:\/\/intezet.josz.org\/index.php\/wp-json\/wp\/v2\/types\/page"}],"author":[{"embeddable":true,"href":"https:\/\/intezet.josz.org\/index.php\/wp-json\/wp\/v2\/users\/1"}],"replies":[{"embeddable":true,"href":"https:\/\/intezet.josz.org\/index.php\/wp-json\/wp\/v2\/comments?post=25"}],"version-history":[{"count":5,"href":"https:\/\/intezet.josz.org\/index.php\/wp-json\/wp\/v2\/pages\/25\/revisions"}],"predecessor-version":[{"id":154,"href":"https:\/\/intezet.josz.org\/index.php\/wp-json\/wp\/v2\/pages\/25\/revisions\/154"}],"wp:attachment":[{"href":"https:\/\/intezet.josz.org\/index.php\/wp-json\/wp\/v2\/media?parent=25"}],"curies":[{"name":"wp","href":"https:\/\/api.w.org\/{rel}","templated":true}]}}