{"id":15,"date":"2021-02-13T21:25:06","date_gmt":"2021-02-13T21:25:06","guid":{"rendered":"http:\/\/intezet.josz.org\/?page_id=15"},"modified":"2025-09-28T21:23:51","modified_gmt":"2025-09-28T21:23:51","slug":"az-intezetrol","status":"publish","type":"page","link":"https:\/\/intezet.josz.org\/index.php\/az-intezetrol\/","title":{"rendered":"Az Int\u00e9zet"},"content":{"rendered":"\n<p>A J\u00d6Sz Int\u00e9zet a J\u00d6Sz Alap\u00edtv\u00e1ny szervezeti egys\u00e9ge, melynek c\u00e9lja az Alap\u00edtv\u00e1ny \u00e1llam- \u00e9s jogtudom\u00e1nyok m\u0171vel\u00e9s\u00e9vel kapcsolatos tev\u00e9kenys\u00e9g\u00e9nek megval\u00f3s\u00edt\u00e1sa. A J\u00d6Sz Int\u00e9zet m\u0171k\u00f6d\u00e9se sor\u00e1n <strong>kutat\u00e1si \u00e9s kutat\u00e1s t\u00e1mogat\u00f3 tev\u00e9kenys\u00e9get l\u00e1t el<\/strong>, szervezi az Alap\u00edtv\u00e1ny <strong>kiad\u00f3i tev\u00e9kenys\u00e9g\u00e9t, publik\u00e1ci\u00f3s fel\u00fcletet biztos\u00edt<\/strong> fiatal kutat\u00f3knak \u00e9s egyetemi hallgat\u00f3knak, valamint <strong>\u00f6szt\u00f6nd\u00edjak \u00e9s kutat\u00f3projektek <\/strong>seg\u00edts\u00e9g\u00e9vel t\u00e1mogatja a tudom\u00e1ny ir\u00e1nt \u00e9rdekl\u0151d\u0151 fiatal jog\u00e1szokat. <\/p>\n\n\n\n<p>A J\u00d6Sz Int\u00e9zetet Igazgat\u00f3s\u00e1g vezeti, szakmai programj\u00e1nak megtervez\u00e9s\u00e9ben pedig egy h\u00e1rom f\u0151s tudom\u00e1nyos tan\u00e1csad\u00f3 test\u00fclet m\u0171k\u00f6dik k\u00f6zre. A J\u00d6Sz Int\u00e9zet m\u0171k\u00f6d\u00e9se sor\u00e1n igyekszik egy\u00fcttm\u0171k\u00f6dni a J\u00d6Sz Alap\u00edtv\u00e1ny \u00e1ltal fenntartott tehets\u00e9ggondoz\u00f3 szervezettel, a J\u00d6Sz Szakkoll\u00e9giummal. Ezen egy\u00fcttm\u0171k\u00f6d\u00e9s keret\u00e9ben a hallgat\u00f3i ig\u00e9nyeket egy h\u00e1rom f\u0151s hallgat\u00f3i test\u00fclet k\u00f6zvet\u00edti a J\u00d6Sz Int\u00e9zet sz\u00e1m\u00e1ra.<\/p>\n\n\n\n<h2>Az Int\u00e9zet vezet\u00e9se:<\/h2>\n\n\n\n<figure class=\"wp-block-gallery columns-3 is-cropped\"><ul class=\"blocks-gallery-grid\"><li class=\"blocks-gallery-item\"><figure><img loading=\"lazy\" width=\"1024\" height=\"1024\" src=\"http:\/\/intezet.josz.org\/wp-content\/uploads\/2022\/09\/Untitled-design-1024x1024.png\" alt=\"\" data-id=\"596\" data-full-url=\"http:\/\/intezet.josz.org\/wp-content\/uploads\/2022\/09\/Untitled-design.png\" data-link=\"http:\/\/intezet.josz.org\/index.php\/az-intezetrol\/untitled-design\/\" class=\"wp-image-596\" srcset=\"https:\/\/intezet.josz.org\/wp-content\/uploads\/2022\/09\/Untitled-design-1024x1024.png 1024w, https:\/\/intezet.josz.org\/wp-content\/uploads\/2022\/09\/Untitled-design-300x300.png 300w, https:\/\/intezet.josz.org\/wp-content\/uploads\/2022\/09\/Untitled-design-150x150.png 150w, https:\/\/intezet.josz.org\/wp-content\/uploads\/2022\/09\/Untitled-design-768x768.png 768w, https:\/\/intezet.josz.org\/wp-content\/uploads\/2022\/09\/Untitled-design-1536x1536.png 1536w, https:\/\/intezet.josz.org\/wp-content\/uploads\/2022\/09\/Untitled-design-2048x2048.png 2048w\" sizes=\"(max-width: 1024px) 100vw, 1024px\" \/><figcaption class=\"blocks-gallery-item__caption\"><strong>Dr. Benyovszky P\u00e9ter<br><\/strong>Rendezv\u00e9nyek\u00e9rt felel\u0151s Igazgat\u00f3<\/figcaption><\/figure><\/li><li class=\"blocks-gallery-item\"><figure><img loading=\"lazy\" width=\"1024\" height=\"1024\" src=\"http:\/\/intezet.josz.org\/wp-content\/uploads\/2022\/09\/Untitled-design-2-1024x1024.png\" alt=\"\" data-id=\"598\" data-full-url=\"http:\/\/intezet.josz.org\/wp-content\/uploads\/2022\/09\/Untitled-design-2.png\" data-link=\"http:\/\/intezet.josz.org\/index.php\/az-intezetrol\/untitled-design-2\/\" class=\"wp-image-598\" srcset=\"https:\/\/intezet.josz.org\/wp-content\/uploads\/2022\/09\/Untitled-design-2-1024x1024.png 1024w, https:\/\/intezet.josz.org\/wp-content\/uploads\/2022\/09\/Untitled-design-2-300x300.png 300w, https:\/\/intezet.josz.org\/wp-content\/uploads\/2022\/09\/Untitled-design-2-150x150.png 150w, https:\/\/intezet.josz.org\/wp-content\/uploads\/2022\/09\/Untitled-design-2-768x768.png 768w, https:\/\/intezet.josz.org\/wp-content\/uploads\/2022\/09\/Untitled-design-2-1536x1536.png 1536w, https:\/\/intezet.josz.org\/wp-content\/uploads\/2022\/09\/Untitled-design-2-2048x2048.png 2048w\" sizes=\"(max-width: 1024px) 100vw, 1024px\" \/><figcaption class=\"blocks-gallery-item__caption\"><strong>Dr. El\u0151h\u00e1zi Zsombor<br><\/strong>Publik\u00e1ci\u00f3s fel\u00fcletek\u00e9rt felel\u0151s Igazgat\u00f3<\/figcaption><\/figure><\/li><li class=\"blocks-gallery-item\"><figure><img loading=\"lazy\" width=\"1024\" height=\"1024\" src=\"http:\/\/intezet.josz.org\/wp-content\/uploads\/2022\/09\/3-1024x1024.jpg\" alt=\"\" data-id=\"591\" data-full-url=\"http:\/\/intezet.josz.org\/wp-content\/uploads\/2022\/09\/3-scaled.jpg\" data-link=\"http:\/\/intezet.josz.org\/index.php\/az-intezetrol\/attachment\/3\/\" class=\"wp-image-591\" srcset=\"https:\/\/intezet.josz.org\/wp-content\/uploads\/2022\/09\/3-1024x1024.jpg 1024w, https:\/\/intezet.josz.org\/wp-content\/uploads\/2022\/09\/3-300x300.jpg 300w, https:\/\/intezet.josz.org\/wp-content\/uploads\/2022\/09\/3-150x150.jpg 150w, https:\/\/intezet.josz.org\/wp-content\/uploads\/2022\/09\/3-768x768.jpg 768w, https:\/\/intezet.josz.org\/wp-content\/uploads\/2022\/09\/3-1536x1536.jpg 1536w, https:\/\/intezet.josz.org\/wp-content\/uploads\/2022\/09\/3-2048x2048.jpg 2048w\" sizes=\"(max-width: 1024px) 100vw, 1024px\" \/><figcaption class=\"blocks-gallery-item__caption\"><strong>Dr. Cseh Dorina Zita<br><\/strong>Kommunik\u00e1ci\u00f3s Igazgat\u00f3<\/figcaption><\/figure><\/li><li class=\"blocks-gallery-item\"><figure><img loading=\"lazy\" width=\"1024\" height=\"1024\" src=\"http:\/\/intezet.josz.org\/wp-content\/uploads\/2022\/09\/1-1024x1024.jpg\" alt=\"\" data-id=\"589\" data-full-url=\"http:\/\/intezet.josz.org\/wp-content\/uploads\/2022\/09\/1-scaled.jpg\" data-link=\"http:\/\/intezet.josz.org\/index.php\/az-intezetrol\/attachment\/1\/\" class=\"wp-image-589\" srcset=\"https:\/\/intezet.josz.org\/wp-content\/uploads\/2022\/09\/1-1024x1024.jpg 1024w, https:\/\/intezet.josz.org\/wp-content\/uploads\/2022\/09\/1-300x300.jpg 300w, https:\/\/intezet.josz.org\/wp-content\/uploads\/2022\/09\/1-150x150.jpg 150w, https:\/\/intezet.josz.org\/wp-content\/uploads\/2022\/09\/1-768x768.jpg 768w, https:\/\/intezet.josz.org\/wp-content\/uploads\/2022\/09\/1-1536x1536.jpg 1536w, https:\/\/intezet.josz.org\/wp-content\/uploads\/2022\/09\/1-2048x2048.jpg 2048w\" sizes=\"(max-width: 1024px) 100vw, 1024px\" \/><figcaption class=\"blocks-gallery-item__caption\"><strong>Dr. Koll\u00e1th Mih\u00e1ly G\u00e1bor<br><\/strong>F\u0151igazgat\u00f3, Kiad\u00f3i tev\u00e9kenys\u00e9g\u00e9rt felel\u0151s Igazgat\u00f3<\/figcaption><\/figure><\/li><li class=\"blocks-gallery-item\"><figure><img loading=\"lazy\" width=\"1024\" height=\"1024\" src=\"http:\/\/intezet.josz.org\/wp-content\/uploads\/2022\/09\/6-1024x1024.jpg\" alt=\"\" data-id=\"585\" data-full-url=\"http:\/\/intezet.josz.org\/wp-content\/uploads\/2022\/09\/6-scaled.jpg\" data-link=\"http:\/\/intezet.josz.org\/index.php\/az-intezetrol\/attachment\/6\/\" class=\"wp-image-585\" srcset=\"https:\/\/intezet.josz.org\/wp-content\/uploads\/2022\/09\/6-1024x1024.jpg 1024w, https:\/\/intezet.josz.org\/wp-content\/uploads\/2022\/09\/6-300x300.jpg 300w, https:\/\/intezet.josz.org\/wp-content\/uploads\/2022\/09\/6-150x150.jpg 150w, https:\/\/intezet.josz.org\/wp-content\/uploads\/2022\/09\/6-768x768.jpg 768w, https:\/\/intezet.josz.org\/wp-content\/uploads\/2022\/09\/6-1536x1536.jpg 1536w, https:\/\/intezet.josz.org\/wp-content\/uploads\/2022\/09\/6-2048x2048.jpg 2048w\" sizes=\"(max-width: 1024px) 100vw, 1024px\" \/><figcaption class=\"blocks-gallery-item__caption\"><strong>Dr. Liu Viktor<br><\/strong>P\u00e9nz\u00fcgyi Igazgat\u00f3<\/figcaption><\/figure><\/li><li class=\"blocks-gallery-item\"><figure><img loading=\"lazy\" width=\"1024\" height=\"1024\" src=\"http:\/\/intezet.josz.org\/wp-content\/uploads\/2022\/09\/5-1024x1024.jpg\" alt=\"\" data-id=\"587\" data-full-url=\"http:\/\/intezet.josz.org\/wp-content\/uploads\/2022\/09\/5-scaled.jpg\" data-link=\"http:\/\/intezet.josz.org\/index.php\/az-intezetrol\/attachment\/5\/\" class=\"wp-image-587\" srcset=\"https:\/\/intezet.josz.org\/wp-content\/uploads\/2022\/09\/5-1024x1024.jpg 1024w, https:\/\/intezet.josz.org\/wp-content\/uploads\/2022\/09\/5-300x300.jpg 300w, https:\/\/intezet.josz.org\/wp-content\/uploads\/2022\/09\/5-150x150.jpg 150w, https:\/\/intezet.josz.org\/wp-content\/uploads\/2022\/09\/5-768x768.jpg 768w, https:\/\/intezet.josz.org\/wp-content\/uploads\/2022\/09\/5-1536x1536.jpg 1536w, https:\/\/intezet.josz.org\/wp-content\/uploads\/2022\/09\/5-2048x2048.jpg 2048w\" sizes=\"(max-width: 1024px) 100vw, 1024px\" \/><figcaption class=\"blocks-gallery-item__caption\"><strong>Dr. Szab\u00f3 B\u00e1lint<br><\/strong>Kutat\u00e1si Igazgat\u00f3<\/figcaption><\/figure><\/li><li class=\"blocks-gallery-item\"><figure><img loading=\"lazy\" width=\"1024\" height=\"1024\" src=\"http:\/\/intezet.josz.org\/wp-content\/uploads\/2022\/09\/Untitled-design-2-1024x1024.png\" alt=\"\" data-id=\"598\" data-full-url=\"http:\/\/intezet.josz.org\/wp-content\/uploads\/2022\/09\/Untitled-design-2.png\" data-link=\"http:\/\/intezet.josz.org\/index.php\/az-intezetrol\/untitled-design-2\/\" class=\"wp-image-598\" srcset=\"https:\/\/intezet.josz.org\/wp-content\/uploads\/2022\/09\/Untitled-design-2-1024x1024.png 1024w, https:\/\/intezet.josz.org\/wp-content\/uploads\/2022\/09\/Untitled-design-2-300x300.png 300w, https:\/\/intezet.josz.org\/wp-content\/uploads\/2022\/09\/Untitled-design-2-150x150.png 150w, https:\/\/intezet.josz.org\/wp-content\/uploads\/2022\/09\/Untitled-design-2-768x768.png 768w, https:\/\/intezet.josz.org\/wp-content\/uploads\/2022\/09\/Untitled-design-2-1536x1536.png 1536w, https:\/\/intezet.josz.org\/wp-content\/uploads\/2022\/09\/Untitled-design-2-2048x2048.png 2048w\" sizes=\"(max-width: 1024px) 100vw, 1024px\" \/><figcaption class=\"blocks-gallery-item__caption\"><strong>Dr. Kar\u00e1csony Lili<br><\/strong>K\u00f6nyvt\u00e1r fejleszt\u00e9s\u00e9rt felel\u0151s Igazgat\u00f3<\/figcaption><\/figure><\/li><li class=\"blocks-gallery-item\"><figure><img loading=\"lazy\" width=\"1024\" height=\"1024\" src=\"http:\/\/intezet.josz.org\/wp-content\/uploads\/2022\/09\/Untitled-design-2-1024x1024.png\" alt=\"\" data-id=\"598\" data-full-url=\"http:\/\/intezet.josz.org\/wp-content\/uploads\/2022\/09\/Untitled-design-2.png\" data-link=\"http:\/\/intezet.josz.org\/index.php\/az-intezetrol\/untitled-design-2\/\" class=\"wp-image-598\" srcset=\"https:\/\/intezet.josz.org\/wp-content\/uploads\/2022\/09\/Untitled-design-2-1024x1024.png 1024w, https:\/\/intezet.josz.org\/wp-content\/uploads\/2022\/09\/Untitled-design-2-300x300.png 300w, https:\/\/intezet.josz.org\/wp-content\/uploads\/2022\/09\/Untitled-design-2-150x150.png 150w, https:\/\/intezet.josz.org\/wp-content\/uploads\/2022\/09\/Untitled-design-2-768x768.png 768w, https:\/\/intezet.josz.org\/wp-content\/uploads\/2022\/09\/Untitled-design-2-1536x1536.png 1536w, https:\/\/intezet.josz.org\/wp-content\/uploads\/2022\/09\/Untitled-design-2-2048x2048.png 2048w\" sizes=\"(max-width: 1024px) 100vw, 1024px\" \/><\/figure><\/li><li class=\"blocks-gallery-item\"><figure><img loading=\"lazy\" width=\"1024\" height=\"1024\" src=\"http:\/\/intezet.josz.org\/wp-content\/uploads\/2022\/09\/Untitled-design-2-1-1024x1024.png\" alt=\"\" data-id=\"599\" data-full-url=\"http:\/\/intezet.josz.org\/wp-content\/uploads\/2022\/09\/Untitled-design-2-1.png\" data-link=\"http:\/\/intezet.josz.org\/index.php\/az-intezetrol\/untitled-design-2-2\/\" class=\"wp-image-599\" srcset=\"https:\/\/intezet.josz.org\/wp-content\/uploads\/2022\/09\/Untitled-design-2-1-1024x1024.png 1024w, https:\/\/intezet.josz.org\/wp-content\/uploads\/2022\/09\/Untitled-design-2-1-300x300.png 300w, https:\/\/intezet.josz.org\/wp-content\/uploads\/2022\/09\/Untitled-design-2-1-150x150.png 150w, https:\/\/intezet.josz.org\/wp-content\/uploads\/2022\/09\/Untitled-design-2-1-768x768.png 768w, https:\/\/intezet.josz.org\/wp-content\/uploads\/2022\/09\/Untitled-design-2-1-1536x1536.png 1536w, https:\/\/intezet.josz.org\/wp-content\/uploads\/2022\/09\/Untitled-design-2-1-2048x2048.png 2048w\" sizes=\"(max-width: 1024px) 100vw, 1024px\" \/><\/figure><\/li><\/ul><\/figure>\n\n\n\n<p><\/p>\n\n\n\n<h2>Az Int\u00e9zet munkat\u00e1rsai:<\/h2>\n\n\n\n<p><\/p>\n\n\n\n<p><strong>B\u00e1nh\u00e1zi Enik\u0151 <\/strong>&#8211; Titk\u00e1rs\u00e1gvezet\u0151<\/p>\n\n\n\n<p><strong>Dr. B\u00e1der Luca M\u00e1ria<\/strong> &#8211; Tudom\u00e1nyos munkat\u00e1rs <\/p>\n\n\n\n<p><strong>Dr. Szebenyei D\u00f3ra<\/strong> &#8211; Tudom\u00e1nyos munkat\u00e1rs, Kutat\u00e1svezet\u0151 (Hadtudom\u00e1nyi Kutat\u00f3csoport)<\/p>\n\n\n\n<p><strong>J\u00f3kay Csilla<\/strong> &#8211; Tudom\u00e1nyos munkat\u00e1rs<\/p>\n\n\n\n<p><strong>Mar\u00f3th M\u00e1rton <\/strong>&#8211; Kutat\u00f3<\/p>\n\n\n\n<p><strong>Kar\u00e1csony Lili<\/strong> &#8211; Kutat\u00f3<\/p>\n\n\n\n<p><strong>Vir\u00e1nyi P\u00e9ter<\/strong> &#8211; Kutat\u00f3<\/p>\n\n\n\n<p><strong>P\u00e1kh Lilla<\/strong> &#8211; Kutat\u00f3<\/p>\n\n\n\n<h3>A J\u00d6Sz Alap\u00edtv\u00e1ny nyilv\u00e1ntart\u00e1si adatai:<\/h3>\n\n\n\n<p>Az Alap\u00edtv\u00e1ny neve: Jog\u00e1szok \u00d6nk\u00e9pz\u0151 Szervezet\u00e9\u00e9rt Alap\u00edtv\u00e1ny<br>Az Alap\u00edtv\u00e1ny r\u00f6vid\u00edtett neve: J\u00d6Sz Alap\u00edtv\u00e1ny<br>Az Alap\u00edtv\u00e1ny nyilv\u00e1ntart\u00e1si sz\u00e1ma: 01-01-0012600&nbsp;<br>Nyilv\u00e1ntart\u00f3 b\u00edr\u00f3s\u00e1g neve: F\u0151v\u00e1rosi T\u00f6rv\u00e9nysz\u00e9k&nbsp;<br>Az Alap\u00edtv\u00e1ny ad\u00f3sz\u00e1ma: 18977864-1-41&nbsp;<br>Az Alap\u00edtv\u00e1ny sz\u00e9khelye: 1056, Budapest, Szerb utca 3.<\/p>\n","protected":false},"excerpt":{"rendered":"<p>A J\u00d6Sz Int\u00e9zet a J\u00d6Sz Alap\u00edtv\u00e1ny szervezeti egys\u00e9ge, melynek c\u00e9lja az Alap\u00edtv\u00e1ny \u00e1llam- \u00e9s jogtudom\u00e1nyok m\u0171vel\u00e9s\u00e9vel kapcsolatos tev\u00e9kenys\u00e9g\u00e9nek megval\u00f3s\u00edt\u00e1sa. A J\u00d6Sz Int\u00e9zet m\u0171k\u00f6d\u00e9se sor\u00e1n kutat\u00e1si \u00e9s kutat\u00e1s t\u00e1mogat\u00f3 tev\u00e9kenys\u00e9get l\u00e1t el, szervezi az Alap\u00edtv\u00e1ny kiad\u00f3i tev\u00e9kenys\u00e9g\u00e9t, publik\u00e1ci\u00f3s fel\u00fcletet biztos\u00edt fiatal kutat\u00f3knak \u00e9s egyetemi hallgat\u00f3knak, valamint \u00f6szt\u00f6nd\u00edjak \u00e9s kutat\u00f3projektek seg\u00edts\u00e9g\u00e9vel t\u00e1mogatja a tudom\u00e1ny ir\u00e1nt \u00e9rdekl\u0151d\u0151 fiatal jog\u00e1szokat. A J\u00d6Sz Int\u00e9zetet Igazgat\u00f3s\u00e1g [&hellip;]<\/p>\n","protected":false},"author":1,"featured_media":0,"parent":0,"menu_order":0,"comment_status":"closed","ping_status":"closed","template":"page-templates\/full-width-container.php","meta":{"_monsterinsights_skip_tracking":false,"_monsterinsights_sitenote_active":false,"_monsterinsights_sitenote_note":"","_monsterinsights_sitenote_category":0},"_links":{"self":[{"href":"https:\/\/intezet.josz.org\/index.php\/wp-json\/wp\/v2\/pages\/15"}],"collection":[{"href":"https:\/\/intezet.josz.org\/index.php\/wp-json\/wp\/v2\/pages"}],"about":[{"href":"https:\/\/intezet.josz.org\/index.php\/wp-json\/wp\/v2\/types\/page"}],"author":[{"embeddable":true,"href":"https:\/\/intezet.josz.org\/index.php\/wp-json\/wp\/v2\/users\/1"}],"replies":[{"embeddable":true,"href":"https:\/\/intezet.josz.org\/index.php\/wp-json\/wp\/v2\/comments?post=15"}],"version-history":[{"count":35,"href":"https:\/\/intezet.josz.org\/index.php\/wp-json\/wp\/v2\/pages\/15\/revisions"}],"predecessor-version":[{"id":1981,"href":"https:\/\/intezet.josz.org\/index.php\/wp-json\/wp\/v2\/pages\/15\/revisions\/1981"}],"wp:attachment":[{"href":"https:\/\/intezet.josz.org\/index.php\/wp-json\/wp\/v2\/media?parent=15"}],"curies":[{"name":"wp","href":"https:\/\/api.w.org\/{rel}","templated":true}]}}